{"id":32365,"date":"2025-06-10T11:56:51","date_gmt":"2025-06-10T08:56:51","guid":{"rendered":"https:\/\/ideahome.ee\/?post_type=product&#038;p=32365"},"modified":"2026-08-23T14:00:11","modified_gmt":"2026-08-23T11:00:11","slug":"nurgadiivan-plaza-xl","status":"publish","type":"product","link":"https:\/\/ideahome.ee\/ru\/shop\/moobel\/nurgadiivan-plaza-xl\/","title":{"rendered":"Nurgadiivan Plaza XL"},"content":{"rendered":"<p>Tootja: <a href=\"https:\/\/ideahome.ee\/brands\/wersal\/\" target=\"_blank\" rel=\"noopener\">Wersal<\/a><\/p>\n<p>Stiil: Kaasaegne<\/p>\n<div>\n<p>Plaza saaria on m\u00f5eldud mugavuse ja hea disaini austajatele. Lisaks vaieldamatule visuaalsele efektile on m\u00f6\u00f6bel varustatud lisafunktsioonidega, mis parandavad selle kasutatavust. \u00dcks neist on elektriline istme pikendus, samas kui reguleeritav peatugi ja libisevad seljatoed v\u00f5imaldavad teil l\u00f5\u00f5gastudes v\u00f5tta k\u00f5ige mugavama kehaasendi. Selle kollektsiooni disain sobib ideaalselt moodsasse ja minimalistlikku interj\u00f6\u00f6ri, kus m\u00f6\u00f6bel n\u00e4eb alati ainulaadne ja intrigeeriv v\u00e4lja, olenemata suurusest.<\/p>\n<\/div>\n","protected":false},"excerpt":{"rendered":"<p>K\u00f5rgus, mm: 760\/990<br \/>\nIstumisk\u00f5rgus, mm: 440<br \/>\nLaius, mm: 3850<br \/>\nS\u00fcgavus, mm: 1770\/2160<br \/>\nJala k\u00f5rgus, mm: 150<\/p>\n<p>*T\u00e4itematerjal: Falista vedruplokk, HR vaht.<br \/>\n*Elektriline istme pikendus<br \/>\n*Saadaval paljude erinevate kangastega<br \/>\n*Pildil olev kangas on illustreeriv, kangavalik tuleb t\u00e4psustada<br \/>\n*Hind oleneb kangavalikust<\/p>\n","protected":false},"featured_media":32366,"template":"","meta":{"_acf_changed":false,"_et_pb_use_builder":"","_et_pb_old_content":"","_et_gb_content_width":""},"product_brand":[488],"product_cat":[97,99,98,273],"product_tag":[132],"class_list":["post-32365","product","type-product","status-publish","has-post-thumbnail","product_brand-wersal","product_cat-moobel","product_cat-2-4-kohalised-diivanid","product_cat-diivanid","product_cat-nurgadiivanid","product_tag-elutuba","product_shipping_class-moobel","first","instock","taxable","shipping-taxable","purchasable","product-type-simple"],"acf":[],"_links":{"self":[{"href":"https:\/\/ideahome.ee\/ru\/wp-json\/wp\/v2\/product\/32365","targetHints":{"allow":["GET"]}}],"collection":[{"href":"https:\/\/ideahome.ee\/ru\/wp-json\/wp\/v2\/product"}],"about":[{"href":"https:\/\/ideahome.ee\/ru\/wp-json\/wp\/v2\/types\/product"}],"wp:featuredmedia":[{"embeddable":true,"href":"https:\/\/ideahome.ee\/ru\/wp-json\/wp\/v2\/media\/32366"}],"wp:attachment":[{"href":"https:\/\/ideahome.ee\/ru\/wp-json\/wp\/v2\/media?parent=32365"}],"wp:term":[{"taxonomy":"product_brand","embeddable":true,"href":"https:\/\/ideahome.ee\/ru\/wp-json\/wp\/v2\/product_brand?post=32365"},{"taxonomy":"product_cat","embeddable":true,"href":"https:\/\/ideahome.ee\/ru\/wp-json\/wp\/v2\/product_cat?post=32365"},{"taxonomy":"product_tag","embeddable":true,"href":"https:\/\/ideahome.ee\/ru\/wp-json\/wp\/v2\/product_tag?post=32365"}],"curies":[{"name":"wp","href":"https:\/\/api.w.org\/{rel}","templated":true}]}}